{"id":76,"date":"2019-10-11T13:56:02","date_gmt":"2019-10-11T11:56:02","guid":{"rendered":"http:\/\/coradcor.fr\/?page_id=76"},"modified":"2021-02-28T21:52:23","modified_gmt":"2021-02-28T20:52:23","slug":"points-de-vente","status":"publish","type":"page","link":"https:\/\/coradcor.fr\/index.php\/points-de-vente\/","title":{"rendered":"Points de vente"},"content":{"rendered":"\n<p>Vous avez envie de d\u00e9couvrir cette BD ? Vous pouvez l&rsquo;acheter en ligne sur <a href=\"http:\/\/coradcor.fr\/index.php\/boutique\/\">http:\/\/coradcor.fr\/index.php\/boutique\/<\/a><\/p>\n\n\n\n<p>Mais si vous pr\u00e9f\u00e9rez laisser votre \u00e9cran chez vous et vous rendre dans votre librairie, c&rsquo;est aussi possible : nous sommes diffus\u00e9s dans toutes les librairies francophones ! (Pour les professionnels, notre diffuseur est <a href=\"http:\/\/www.avm-diffusion.com\/\" data-type=\"URL\" data-id=\"http:\/\/www.avm-diffusion.com\/\">AVM<\/a>)<\/p>\n\n\n\n<p>Nous sommes pr\u00e9sents sur des salons, ventes paroissiales etc. Voir <a href=\"https:\/\/coradcor.fr\/index.php\/2019\/10\/11\/agenda\/\">notre agenda<\/a>. <\/p>\n\n\n\n<p>Enfin, nous avons \u00e9galement quelques points de vente privil\u00e9gi\u00e9s : <\/p>\n\n\n\n<h4 class=\"wp-block-heading\"><strong>France<\/strong><\/h4>\n\n\n\n<p>13002 MARSEILLE  Arterra Santons de Provence &#8211; 15, rue du Petit Puits<\/p>\n\n\n\n<p>16000 ANGOULEME Librairie de la maison Dioc\u00e9sain<\/p>\n\n\n\n<p>21000 DIJON : Oratoire de Dijon, 17 bvd Jeanne d&rsquo;Arc<\/p>\n\n\n\n<p>54000 NANCY : Oratoire de Nancy, 6 rue des Loups<\/p>\n\n\n\n<p>54000 NANCY : Notre stock \u00e0 Nancy <a href=\"https:\/\/coradcor.fr\/index.php\/contact\/\">(nous contacter)<\/a><\/p>\n\n\n\n<p>54270 Essey-l\u00e8s-Nancy, Association ALAIN Duplic <\/p>\n\n\n\n<p>54600 Villers-les-Nancy, Librairie de l&rsquo;Asn\u00e9e, 11 rue de Laxou<\/p>\n\n\n\n<p>61000 ALENCON : Librairie du Sanctuaire \/ Notre stock \u00e0 Alen\u00e7on <a href=\"https:\/\/coradcor.fr\/index.php\/contact\/\">(nous contacter)<\/a><\/p>\n\n\n\n<p>75000 PARIS : Remise en main propre possible sur RDV <a href=\"https:\/\/coradcor.fr\/index.php\/contact\/\">(nous contacter<\/a>)<\/p>\n\n\n\n<p>83400 HYERES, communaut\u00e9 Oratorienne<\/p>\n\n\n\n<p>84140 AVIGNON (MONTFAVET): Notre stock \u00e0 Montfavet<a href=\"http:\/\/coradcor.fr\/index.php\/contact\"> (nous contacter)<\/a><\/p>\n\n\n\n<p>92340 BOURG-LA-REINE : presbyt\u00e8re St-Gilles<\/p>\n\n\n\n<p>94240 L&rsquo;HAY-LES-ROSES : Notre stock \u00e0 L&rsquo;Ha\u00ff-les-Roses <a href=\"https:\/\/coradcor.fr\/index.php\/contact\/\">(nous contacter)<\/a><\/p>\n\n\n\n<h4 class=\"wp-block-heading\"><strong>Autriche<\/strong><\/h4>\n\n\n\n<p>Nous sommes en contact avec l&rsquo;Oratoire de Vienne et envisageons avec eux une traduction en Allemand. <\/p>\n\n\n\n<h4 class=\"wp-block-heading\"><strong>Italie<\/strong><\/h4>\n\n\n\n<p>Nous sommes en contact avec les Oratoriens italiens&#8230; peut-\u00eatre une traduction en Italien dans quelque temps ? <\/p>\n","protected":false},"excerpt":{"rendered":"<p>Vous avez envie de d\u00e9couvrir cette BD ? Vous pouvez l&rsquo;acheter en ligne sur http:\/\/coradcor.fr\/index.php\/boutique\/ Mais si vous pr\u00e9f\u00e9rez laisser votre \u00e9cran chez vous et vous rendre dans votre librairie, c&rsquo;est aussi possible : nous sommes diffus\u00e9s dans toutes les librairies francophones ! (Pour les professionnels, notre diffuseur est AVM) Nous sommes pr\u00e9sents sur des [&hellip;]<\/p>\n","protected":false},"author":1,"featured_media":0,"parent":0,"menu_order":0,"comment_status":"closed","ping_status":"closed","template":"","meta":{"footnotes":""},"class_list":["post-76","page","type-page","status-publish","hentry"],"_links":{"self":[{"href":"https:\/\/coradcor.fr\/index.php\/wp-json\/wp\/v2\/pages\/76","targetHints":{"allow":["GET"]}}],"collection":[{"href":"https:\/\/coradcor.fr\/index.php\/wp-json\/wp\/v2\/pages"}],"about":[{"href":"https:\/\/coradcor.fr\/index.php\/wp-json\/wp\/v2\/types\/page"}],"author":[{"embeddable":true,"href":"https:\/\/coradcor.fr\/index.php\/wp-json\/wp\/v2\/users\/1"}],"replies":[{"embeddable":true,"href":"https:\/\/coradcor.fr\/index.php\/wp-json\/wp\/v2\/comments?post=76"}],"version-history":[{"count":44,"href":"https:\/\/coradcor.fr\/index.php\/wp-json\/wp\/v2\/pages\/76\/revisions"}],"predecessor-version":[{"id":281,"href":"https:\/\/coradcor.fr\/index.php\/wp-json\/wp\/v2\/pages\/76\/revisions\/281"}],"wp:attachment":[{"href":"https:\/\/coradcor.fr\/index.php\/wp-json\/wp\/v2\/media?parent=76"}],"curies":[{"name":"wp","href":"https:\/\/api.w.org\/{rel}","templated":true}]}}