{"id":219,"date":"2021-01-10T22:22:01","date_gmt":"2021-01-10T21:22:01","guid":{"rendered":"https:\/\/coradcor.fr\/?page_id=219"},"modified":"2021-01-31T21:45:02","modified_gmt":"2021-01-31T20:45:02","slug":"le-titre","status":"publish","type":"page","link":"https:\/\/coradcor.fr\/index.php\/le-titre\/","title":{"rendered":"Le titre"},"content":{"rendered":"\n<p class=\"has-text-align-center\"><strong>\u00ab\u00a0<em>De lys, d\u2019azur \u00e9toil\u00e9 &amp; d\u2019un c\u0153ur enflamm\u00e9\u00a0\u00bb<\/em><\/strong><\/p>\n\n\n\n<p>Cette BD est assez longue&nbsp;: comme \u00e7a, au moins, il n\u2019y a pas que le titre qui soit \u00e0 rallonge&nbsp;! Plus s\u00e9rieusement, il n\u2019y a pas que \u00e7a comme parall\u00e8le entre le titre et son contenu. En doutiez-vous&nbsp;?<\/p>\n\n\n\n<p>Comme le prouve la bibliographie (p. 64), nous avons essay\u00e9 d\u2019\u00eatre exhaustifs. Eh ! c\u2019est que ce n\u2019est s\u00fbrement pas demain la veille qu\u2019il y aura une autre BD sur le sujet&nbsp;: ne comptez pas sur un Tome II ou un projet \u00ab&nbsp;Philippe le retour&nbsp;\u00bb&nbsp;! Bref, on se doutait que nous aurions difficilement \u00e0 revenir dessus. C\u2019est pourquoi vous vous retrouvez avec une BD entre les mains qui est plut\u00f4t longue comme un <em>Blake &amp; Mortimer<\/em> que comme un <em>Ast\u00e9rix<\/em>. Pour autant, nous esp\u00e9rons avoir \u00e9vit\u00e9 le pi\u00e8ge de forcer l\u2019inclusion de vraiment tout, tout, trop. Notre but est que le lecteur obtienne ce qu\u2019il faut comme informations biographiques pour se faire une id\u00e9e du personnage. De tous les \u00e9l\u00e9ments retenus, tous servent l\u2019intrigue, \u00e0 savoir <a href=\"https:\/\/coradcor.fr\/index.php\/une-enquete\/\">une enqu\u00eate<\/a>. Ainsi, si saint Jean Leonardi semble appara\u00eetre p. 20 sans autre vraie raison que le fait que lui et saint Philippe se soient vraiment crois\u00e9s (et que les auteurs \u00e9taient contents de caser cette anecdote), il est en r\u00e9alit\u00e9 introduit aupr\u00e8s du lecteur pour devenir concr\u00e8tement un moteur \u00e0 l\u2019intrigue un peu plus loin (p. 38-39). Un autre effet d\u2019\u00e9cho se fait, par exemple, avec la date \u00ab&nbsp;1515&nbsp;\u00bb, annonc\u00e9e d\u00e8s le d\u00e9but de l\u2019histoire p. 3, pour \u00eatre en fait reprise de fa\u00e7on constructive p. 56. Nous vous laissons le soin de d\u00e9couvrir d\u2019autres \u00e9l\u00e9ments de reprise du m\u00eame genre. Le livre se retrouve donc au final comme un tout duquel on aurait du mal de retirer la moindre partie sans que cela nuise \u00e0 la compr\u00e9hension, \u00e0 la fluidit\u00e9 du r\u00e9cit et au succ\u00e8s de l\u2019enqu\u00eate.<\/p>\n\n\n\n<p>C\u2019est l\u00e0 o\u00f9 le titre de l\u2019ouvrage rejoint son contenu&nbsp;: nous avons souhait\u00e9 qu\u2019il embrasse au maximum la vie du saint pr\u00e9sent\u00e9, sans en oublier des aspects importants ni qu\u2019on puisse en \u00f4ter un seul \u00e9l\u00e9ment. Car ce titre \u00ab&nbsp;est&nbsp;\u00bb saint Philippe N\u00e9ri. C\u2019est, tout de m\u00eame, ni plus ni moins que le blason du saint (<em>cf<\/em>. 4<sup>e<\/sup>&nbsp; de couverture)&nbsp;! Philippe N\u00e9ri peut se r\u00e9sumer \u00e0 sa puret\u00e9 (d\u2019esprit, de c\u0153ur, etc)&nbsp;: c\u2019est la symbolique accord\u00e9e \u00e0 la fleur de lys depuis trop longtemps pour qu\u2019on puisse encore y faire quelque chose contre \u2026 et ce ne sont pas des Fran\u00e7ais qui vont s\u2019en plaindre&nbsp;! L\u2019Histoire a retenu aussi saint Philippe comme le fondateur de l\u2019Oratoire. Comme il s\u2019en est toujours d\u00e9fendu et qu\u2019il a en revanche fait porter le chapeau \u00e0 la Bonne M\u00e8re, personne ne s\u2019\u00e9tonnera de retrouver le bleu marial et ces \u00e9toiles si souvent associ\u00e9es \u00e0 la Vierge. A priori, ce ne sont pas les Lorrains \u2013 comme l\u2019ont \u00e9t\u00e9 les auteurs \u2013 qui diront le contraire, d\u00e8s lors qu\u2019ils repensent \u00e0 leur p\u00e9l\u00e9 marial sur la Colline de Sion et aux fouilles de ces petites \u00e9toiles fossilis\u00e9es dans le sol des environs. Saint Philippe, enfin (ah, au fait, <strong>gaffe aux spoilers dans ces onglets<\/strong>&nbsp;\ud83d\ude09&nbsp;!), a une ENORME particularit\u00e9 dans l\u2019int\u00e9gralit\u00e9 du calendrier des saints. Des saints et des saintes qui ont eu des visions, on en a&nbsp;! D\u2019autres qui ont re\u00e7us les stigmates, <em>idem<\/em> et on pensera d\u2019embl\u00e9e \u00e0 saint Fran\u00e7ois d\u2019Assise ou au Padre Pio. Mais un \u00eatre humain qui ait re\u00e7u \u00e0 ce point le feu de l\u2019Esprit Saint dans son c\u0153ur, \u2026 \u00e7a \u2026 on cherche encore un pr\u00e9tendant&nbsp;!<\/p>\n\n\n\n<p>Bon, les auteurs n\u2019\u00e9tant quand-m\u00eame pas suicidaires, le sous-titre \u00ab&nbsp;<em>Une vie de saint Philippe N\u00e9ri<\/em>&nbsp;\u00bb a n\u00e9anmoins \u00e9t\u00e9 ajout\u00e9. C\u2019est de la BD pour \u00e9vang\u00e9liser, ne l\u2019oublions pas&nbsp;: pas du cin\u00e9ma art &amp; essai&nbsp;!<\/p>\n\n\n\n<p>Enfin, nous ferons remarquer que ce titre a aussi une sorte de po\u00e9tique qui lui est propre. Elle \u00e9mane du rythme cr\u00e9\u00e9 par l\u2019allongement de chaque groupe nominal&nbsp;:<\/p>\n\n\n\n<ul class=\"wp-block-list\"><li>de lys = 2 syllabes<\/li><li>d\u2019azur \u00e9toil\u00e9 = 5<\/li><li>et d\u2019un c\u0153ur enflamm\u00e9 = 6<\/li><\/ul>\n\n\n\n<p>Disons que ce titre instaure d\u2019embl\u00e9e un petit climat, peut-\u00eatre un peu nostalgique (Gallonio remontant aux origines de l\u2019Oratoire), mais en tout cas bucolique, en invitant \u00e0 une balade dans la Rome de la Renaissance.<\/p>\n","protected":false},"excerpt":{"rendered":"<p>\u00ab\u00a0De lys, d\u2019azur \u00e9toil\u00e9 &amp; d\u2019un c\u0153ur enflamm\u00e9\u00a0\u00bb Cette BD est assez longue&nbsp;: comme \u00e7a, au moins, il n\u2019y a pas que le titre qui soit \u00e0 rallonge&nbsp;! Plus s\u00e9rieusement, il n\u2019y a pas que \u00e7a comme parall\u00e8le entre le titre et son contenu. En doutiez-vous&nbsp;? Comme le prouve la bibliographie (p. 64), nous avons [&hellip;]<\/p>\n","protected":false},"author":1,"featured_media":0,"parent":0,"menu_order":0,"comment_status":"closed","ping_status":"closed","template":"","meta":{"footnotes":""},"class_list":["post-219","page","type-page","status-publish","hentry"],"_links":{"self":[{"href":"https:\/\/coradcor.fr\/index.php\/wp-json\/wp\/v2\/pages\/219","targetHints":{"allow":["GET"]}}],"collection":[{"href":"https:\/\/coradcor.fr\/index.php\/wp-json\/wp\/v2\/pages"}],"about":[{"href":"https:\/\/coradcor.fr\/index.php\/wp-json\/wp\/v2\/types\/page"}],"author":[{"embeddable":true,"href":"https:\/\/coradcor.fr\/index.php\/wp-json\/wp\/v2\/users\/1"}],"replies":[{"embeddable":true,"href":"https:\/\/coradcor.fr\/index.php\/wp-json\/wp\/v2\/comments?post=219"}],"version-history":[{"count":4,"href":"https:\/\/coradcor.fr\/index.php\/wp-json\/wp\/v2\/pages\/219\/revisions"}],"predecessor-version":[{"id":265,"href":"https:\/\/coradcor.fr\/index.php\/wp-json\/wp\/v2\/pages\/219\/revisions\/265"}],"wp:attachment":[{"href":"https:\/\/coradcor.fr\/index.php\/wp-json\/wp\/v2\/media?parent=219"}],"curies":[{"name":"wp","href":"https:\/\/api.w.org\/{rel}","templated":true}]}}